{"id":17,"date":"2023-08-01T18:22:23","date_gmt":"2023-08-01T16:22:23","guid":{"rendered":"https:\/\/cstournesol.fr\/?page_id=17"},"modified":"2023-09-15T10:41:36","modified_gmt":"2023-09-15T08:41:36","slug":"animations-de-quartier","status":"publish","type":"page","link":"https:\/\/cstournesol.fr\/index.php\/animations-de-quartier\/","title":{"rendered":"Animations de Quartier"},"content":{"rendered":"\t\t<div data-elementor-type=\"wp-page\" data-elementor-id=\"17\" class=\"elementor elementor-17\">\n\t\t\t\t\t\t<section class=\"elementor-section elementor-top-section elementor-element elementor-element-6d74ab7 elementor-section-boxed elementor-section-height-default elementor-section-height-default\" data-id=\"6d74ab7\" data-element_type=\"section\">\n\t\t\t\t\t\t<div class=\"elementor-container elementor-column-gap-default\">\n\t\t\t\t\t<div class=\"elementor-column elementor-col-100 elementor-top-column elementor-element elementor-element-00c01e2\" data-id=\"00c01e2\" data-element_type=\"column\">\n\t\t\t<div class=\"elementor-widget-wrap elementor-element-populated\">\n\t\t\t\t\t\t<div class=\"elementor-element elementor-element-1a6f9a5 elementor-widget elementor-widget-heading\" data-id=\"1a6f9a5\" data-element_type=\"widget\" data-widget_type=\"heading.default\">\n\t\t\t\t<div class=\"elementor-widget-container\">\n\t\t\t<h2 class=\"elementor-heading-title elementor-size-default\">ANIMATIONS DE QUARTIER<\/h2>\t\t<\/div>\n\t\t\t\t<\/div>\n\t\t\t\t\t<\/div>\n\t\t<\/div>\n\t\t\t\t\t<\/div>\n\t\t<\/section>\n\t\t\t\t<section class=\"elementor-section elementor-top-section elementor-element elementor-element-d800e9a elementor-section-boxed elementor-section-height-default elementor-section-height-default\" data-id=\"d800e9a\" data-element_type=\"section\">\n\t\t\t\t\t\t<div class=\"elementor-container elementor-column-gap-default\">\n\t\t\t\t\t<div class=\"elementor-column elementor-col-50 elementor-top-column elementor-element elementor-element-553adb9\" data-id=\"553adb9\" data-element_type=\"column\">\n\t\t\t<div class=\"elementor-widget-wrap elementor-element-populated\">\n\t\t\t\t\t\t<div class=\"elementor-element elementor-element-92bd6c8 e-transform elementor-widget elementor-widget-image\" data-id=\"92bd6c8\" data-element_type=\"widget\" data-settings=\"{&quot;_transform_translateY_effect&quot;:{&quot;unit&quot;:&quot;px&quot;,&quot;size&quot;:85,&quot;sizes&quot;:[]},&quot;_transform_translateY_effect_mobile&quot;:{&quot;unit&quot;:&quot;px&quot;,&quot;size&quot;:1,&quot;sizes&quot;:[]},&quot;_transform_translateX_effect&quot;:{&quot;unit&quot;:&quot;px&quot;,&quot;size&quot;:&quot;&quot;,&quot;sizes&quot;:[]},&quot;_transform_translateX_effect_tablet&quot;:{&quot;unit&quot;:&quot;px&quot;,&quot;size&quot;:&quot;&quot;,&quot;sizes&quot;:[]},&quot;_transform_translateX_effect_mobile&quot;:{&quot;unit&quot;:&quot;px&quot;,&quot;size&quot;:&quot;&quot;,&quot;sizes&quot;:[]},&quot;_transform_translateY_effect_tablet&quot;:{&quot;unit&quot;:&quot;px&quot;,&quot;size&quot;:&quot;&quot;,&quot;sizes&quot;:[]}}\" data-widget_type=\"image.default\">\n\t\t\t\t<div class=\"elementor-widget-container\">\n\t\t\t\t\t\t\t\t\t\t\t\t\t<img fetchpriority=\"high\" decoding=\"async\" width=\"601\" height=\"602\" src=\"https:\/\/cstournesol.fr\/wp-content\/uploads\/2023\/08\/anim_quartier.png\" class=\"attachment-large size-large wp-image-781\" alt=\"\" srcset=\"https:\/\/cstournesol.fr\/wp-content\/uploads\/2023\/08\/anim_quartier.png 601w, https:\/\/cstournesol.fr\/wp-content\/uploads\/2023\/08\/anim_quartier-300x300.png 300w, https:\/\/cstournesol.fr\/wp-content\/uploads\/2023\/08\/anim_quartier-150x150.png 150w\" sizes=\"(max-width: 601px) 100vw, 601px\" \/>\t\t\t\t\t\t\t\t\t\t\t\t\t<\/div>\n\t\t\t\t<\/div>\n\t\t\t\t\t<\/div>\n\t\t<\/div>\n\t\t\t\t<div class=\"elementor-column elementor-col-50 elementor-top-column elementor-element elementor-element-c6fed19\" data-id=\"c6fed19\" data-element_type=\"column\">\n\t\t\t<div class=\"elementor-widget-wrap elementor-element-populated\">\n\t\t\t\t\t\t<div class=\"elementor-element elementor-element-a705df2 elementor-widget elementor-widget-text-editor\" data-id=\"a705df2\" data-element_type=\"widget\" data-widget_type=\"text-editor.default\">\n\t\t\t\t<div class=\"elementor-widget-container\">\n\t\t\t\t\t\t\t<p><span style=\"color: #ff6600;\"><strong>EV\u00c8NEMENTS<\/strong><\/span><br \/><strong>LE CARNAVAL<\/strong><br \/>Chaque ann\u00e9e une nouvelle th\u00e9matique pour ambiancer les rues du quartier. <br \/>Animation co-construite avec les partenaires du quartier.<\/p><p><br \/><strong>TOURNESOL EN TERRASSE <\/strong><br \/><strong>ET PLACES TOURNESOL<\/strong><br \/>Apr\u00e8s-midi et soir\u00e9es organis\u00e9s devant le ch\u00e2teau, sur le chemin de traverse ou en pieds d\u2019immeuble, les animations rythment l\u2019\u00e9t\u00e9 au Burck. De nombreuses activit\u00e9s sont propos\u00e9es pour tous les \u00e2ges.<\/p><p><br \/><strong>LE BURCK S\u2019ILLUMINE<\/strong><br \/>Animation phare de notre association, le Burck s\u2019illumine c\u2019est une r\u00e9sidence d\u2019artiste, un village d\u2019artistes, des animations culturelles, l\u2019Art au c\u0153ur du quartier. C\u2019est deux jours de culture sur le quartier, la rencontre avec des artistes, des concerts, <br \/>des performances artistiques et c\u2019est toujours en novembre !<\/p><p><br \/><strong>LA CAL\u00c8CHE DU P\u00c8RE NO\u00cbL<\/strong><br \/>En d\u00e9cembre, le p\u00e8re No\u00ebl et sa cal\u00e8che sont au Burck le temps d\u2019un apr\u00e8s-midi.<\/p>\t\t\t\t\t\t<\/div>\n\t\t\t\t<\/div>\n\t\t\t\t\t<\/div>\n\t\t<\/div>\n\t\t\t\t\t<\/div>\n\t\t<\/section>\n\t\t<div class=\"elementor-element elementor-element-6e7f58d e-flex e-con-boxed e-con e-parent\" data-id=\"6e7f58d\" data-element_type=\"container\">\n\t\t\t\t\t<div class=\"e-con-inner\">\n\t\t<div class=\"elementor-element elementor-element-adeacc8 e-con-full e-flex e-con e-child\" data-id=\"adeacc8\" data-element_type=\"container\">\n\t\t\t\t<div class=\"elementor-element elementor-element-295e250 elementor-widget elementor-widget-text-editor\" data-id=\"295e250\" data-element_type=\"widget\" data-widget_type=\"text-editor.default\">\n\t\t\t\t<div class=\"elementor-widget-container\">\n\t\t\t\t\t\t\t<p><span style=\"color: #ff6600;\"><strong>LE BLABLATH\u00c9<\/strong><\/span> <br \/>Avec notre triporteur nous allons \u00e0 la rencontre des habitants, avec du th\u00e9 et du caf\u00e9 pour faire connaissance, parler des actions port\u00e9es par le centre, rep\u00e9rer les besoins des habitants. <br \/>De ces rencontres naissent de beaux projets.<\/p><p><br \/><span style=\"color: #ff6600;\"><strong>NOS JOURN\u00c9ES<\/strong><\/span> <br \/><strong>JOURN\u00c9E POUR LES FEMMES :<\/strong><br \/>dans le cadre de la journ\u00e9e internationale contre les violences faites aux femmes, tous les 25 novembre l\u2019association organise des actions de sensibilisation<br \/><strong>JOURN\u00c9ES ET FORUMS TH\u00c9MATIQUES :<\/strong> <br \/>emploi, acc\u00e8s aux droits, transition \u00e9cologique, petite enfance, \u2026 en fonction des ann\u00e9es et des besoins rep\u00e9r\u00e9s.<\/p><p><br \/><span style=\"color: #ff6600;\"><strong>UN LIEU DES POSSIBLES : <\/strong><\/span><br \/><span style=\"color: #ff6600;\"><strong>LE CAF\u00c9 PAPOTH\u00c9<\/strong><\/span><br \/><span style=\"color: #008000;\"><em><strong>1 lieu de convivialit\u00e9, de rencontres, <\/strong><\/em><\/span><em><strong><span style=\"color: #008000;\">d\u2019\u00e9changes, de d\u00e9bat<\/span><\/strong><\/em><br \/><em>1 lieu pour se poser, prendre un th\u00e9 ou un caf\u00e9, lire le <\/em><br \/><em>journal, se d\u00e9tendre<\/em><br \/><span style=\"color: #ff00ff;\"><strong>1 lieu d\u2019initiatives et de projets, de culture, de concerts, d\u2019expos, de r\u00e9sidences d\u2019artistes, de pratique artistique amateur de loisirs, de jeux, d\u2019activit\u00e9s manuelles ..<\/strong><\/span><\/p><p>Vous souhaitez participer \u00e0 faire vivre ce lieu ? <br \/>Toutes les bonnes volont\u00e9s sont les bienvenues.<\/p>\t\t\t\t\t\t<\/div>\n\t\t\t\t<\/div>\n\t\t\t\t<\/div>\n\t\t<div class=\"elementor-element elementor-element-880b409 e-con-full e-flex e-con e-child\" data-id=\"880b409\" data-element_type=\"container\">\n\t\t\t\t<div class=\"elementor-element elementor-element-2fb1b5f e-transform elementor-widget elementor-widget-image\" data-id=\"2fb1b5f\" data-element_type=\"widget\" data-settings=\"{&quot;_transform_translateY_effect&quot;:{&quot;unit&quot;:&quot;px&quot;,&quot;size&quot;:139,&quot;sizes&quot;:[]},&quot;_transform_translateY_effect_mobile&quot;:{&quot;unit&quot;:&quot;px&quot;,&quot;size&quot;:1,&quot;sizes&quot;:[]},&quot;_transform_translateX_effect&quot;:{&quot;unit&quot;:&quot;px&quot;,&quot;size&quot;:&quot;&quot;,&quot;sizes&quot;:[]},&quot;_transform_translateX_effect_tablet&quot;:{&quot;unit&quot;:&quot;px&quot;,&quot;size&quot;:&quot;&quot;,&quot;sizes&quot;:[]},&quot;_transform_translateX_effect_mobile&quot;:{&quot;unit&quot;:&quot;px&quot;,&quot;size&quot;:&quot;&quot;,&quot;sizes&quot;:[]},&quot;_transform_translateY_effect_tablet&quot;:{&quot;unit&quot;:&quot;px&quot;,&quot;size&quot;:&quot;&quot;,&quot;sizes&quot;:[]}}\" data-widget_type=\"image.default\">\n\t\t\t\t<div class=\"elementor-widget-container\">\n\t\t\t\t\t\t\t\t\t\t\t\t\t<img decoding=\"async\" width=\"602\" height=\"604\" src=\"https:\/\/cstournesol.fr\/wp-content\/uploads\/2023\/08\/anim_quartier2.png\" class=\"attachment-large size-large wp-image-786\" alt=\"\" srcset=\"https:\/\/cstournesol.fr\/wp-content\/uploads\/2023\/08\/anim_quartier2.png 602w, https:\/\/cstournesol.fr\/wp-content\/uploads\/2023\/08\/anim_quartier2-300x300.png 300w, https:\/\/cstournesol.fr\/wp-content\/uploads\/2023\/08\/anim_quartier2-150x150.png 150w\" sizes=\"(max-width: 602px) 100vw, 602px\" \/>\t\t\t\t\t\t\t\t\t\t\t\t\t<\/div>\n\t\t\t\t<\/div>\n\t\t\t\t<\/div>\n\t\t\t\t\t<\/div>\n\t\t\t\t<\/div>\n\t\t\t\t<\/div>\n\t\t","protected":false},"excerpt":{"rendered":"<p>ANIMATIONS DE QUARTIER EV\u00c8NEMENTSLE CARNAVALChaque ann\u00e9e une nouvelle th\u00e9matique pour ambiancer les rues du quartier. Animation co-construite avec les partenaires du quartier. TOURNESOL EN TERRASSE ET PLACES TOURNESOLApr\u00e8s-midi et soir\u00e9es organis\u00e9s devant le ch\u00e2teau, sur le chemin de traverse ou en pieds d\u2019immeuble, les animations rythment l\u2019\u00e9t\u00e9 au Burck. De nombreuses activit\u00e9s sont propos\u00e9es pour&hellip;&nbsp;<a href=\"https:\/\/cstournesol.fr\/index.php\/animations-de-quartier\/\" class=\"\" rel=\"bookmark\">Lire la suite &raquo;<span class=\"screen-reader-text\">Animations de Quartier<\/span><\/a><\/p>\n","protected":false},"author":1,"featured_media":0,"parent":0,"menu_order":0,"comment_status":"closed","ping_status":"closed","template":"page-templates\/template-pagebuilder-full-width.php","meta":{"neve_meta_sidebar":"","neve_meta_container":"","neve_meta_enable_content_width":"","neve_meta_content_width":0,"neve_meta_title_alignment":"","neve_meta_author_avatar":"","neve_post_elements_order":"","neve_meta_disable_header":"","neve_meta_disable_footer":"","neve_meta_disable_title":"","footnotes":""},"class_list":["post-17","page","type-page","status-publish","hentry"],"yoast_head":"<!-- This site is optimized with the Yoast SEO plugin v23.4 - https:\/\/yoast.com\/wordpress\/plugins\/seo\/ -->\n<title>Animations de Quartier - Association Tournesol<\/title>\n<meta name=\"robots\" content=\"index, follow, max-snippet:-1, max-image-preview:large, max-video-preview:-1\" \/>\n<link rel=\"canonical\" href=\"https:\/\/cstournesol.fr\/index.php\/animations-de-quartier\/\" \/>\n<meta property=\"og:locale\" content=\"fr_FR\" \/>\n<meta property=\"og:type\" content=\"article\" \/>\n<meta property=\"og:title\" content=\"Animations de Quartier - Association Tournesol\" \/>\n<meta property=\"og:description\" content=\"ANIMATIONS DE QUARTIER EV\u00c8NEMENTSLE CARNAVALChaque ann\u00e9e une nouvelle th\u00e9matique pour ambiancer les rues du quartier. Animation co-construite avec les partenaires du quartier. TOURNESOL EN TERRASSE ET PLACES TOURNESOLApr\u00e8s-midi et soir\u00e9es organis\u00e9s devant le ch\u00e2teau, sur le chemin de traverse ou en pieds d\u2019immeuble, les animations rythment l\u2019\u00e9t\u00e9 au Burck. De nombreuses activit\u00e9s sont propos\u00e9es pour&hellip;&nbsp;Lire la suite &raquo;Animations de Quartier\" \/>\n<meta property=\"og:url\" content=\"https:\/\/cstournesol.fr\/index.php\/animations-de-quartier\/\" \/>\n<meta property=\"og:site_name\" content=\"Association Tournesol\" \/>\n<meta property=\"article:publisher\" content=\"https:\/\/www.facebook.com\/csduburck\" \/>\n<meta property=\"article:modified_time\" content=\"2023-09-15T08:41:36+00:00\" \/>\n<meta property=\"og:image\" content=\"https:\/\/cstournesol.fr\/wp-content\/uploads\/2023\/08\/anim_quartier.png\" \/>\n<meta name=\"twitter:card\" content=\"summary_large_image\" \/>\n<meta name=\"twitter:label1\" content=\"Dur\u00e9e de lecture estim\u00e9e\" \/>\n\t<meta name=\"twitter:data1\" content=\"2 minutes\" \/>\n<script type=\"application\/ld+json\" class=\"yoast-schema-graph\">{\"@context\":\"https:\/\/schema.org\",\"@graph\":[{\"@type\":\"WebPage\",\"@id\":\"https:\/\/cstournesol.fr\/index.php\/animations-de-quartier\/\",\"url\":\"https:\/\/cstournesol.fr\/index.php\/animations-de-quartier\/\",\"name\":\"Animations de Quartier - Association Tournesol\",\"isPartOf\":{\"@id\":\"https:\/\/cstournesol.fr\/#website\"},\"primaryImageOfPage\":{\"@id\":\"https:\/\/cstournesol.fr\/index.php\/animations-de-quartier\/#primaryimage\"},\"image\":{\"@id\":\"https:\/\/cstournesol.fr\/index.php\/animations-de-quartier\/#primaryimage\"},\"thumbnailUrl\":\"https:\/\/cstournesol.fr\/wp-content\/uploads\/2023\/08\/anim_quartier.png\",\"datePublished\":\"2023-08-01T16:22:23+00:00\",\"dateModified\":\"2023-09-15T08:41:36+00:00\",\"breadcrumb\":{\"@id\":\"https:\/\/cstournesol.fr\/index.php\/animations-de-quartier\/#breadcrumb\"},\"inLanguage\":\"fr-FR\",\"potentialAction\":[{\"@type\":\"ReadAction\",\"target\":[\"https:\/\/cstournesol.fr\/index.php\/animations-de-quartier\/\"]}]},{\"@type\":\"ImageObject\",\"inLanguage\":\"fr-FR\",\"@id\":\"https:\/\/cstournesol.fr\/index.php\/animations-de-quartier\/#primaryimage\",\"url\":\"https:\/\/cstournesol.fr\/wp-content\/uploads\/2023\/08\/anim_quartier.png\",\"contentUrl\":\"https:\/\/cstournesol.fr\/wp-content\/uploads\/2023\/08\/anim_quartier.png\",\"width\":601,\"height\":602},{\"@type\":\"BreadcrumbList\",\"@id\":\"https:\/\/cstournesol.fr\/index.php\/animations-de-quartier\/#breadcrumb\",\"itemListElement\":[{\"@type\":\"ListItem\",\"position\":1,\"name\":\"Accueil\",\"item\":\"https:\/\/cstournesol.fr\/\"},{\"@type\":\"ListItem\",\"position\":2,\"name\":\"Animations de Quartier\"}]},{\"@type\":\"WebSite\",\"@id\":\"https:\/\/cstournesol.fr\/#website\",\"url\":\"https:\/\/cstournesol.fr\/\",\"name\":\"Association Tournesol\",\"description\":\"\",\"publisher\":{\"@id\":\"https:\/\/cstournesol.fr\/#organization\"},\"potentialAction\":[{\"@type\":\"SearchAction\",\"target\":{\"@type\":\"EntryPoint\",\"urlTemplate\":\"https:\/\/cstournesol.fr\/?s={search_term_string}\"},\"query-input\":{\"@type\":\"PropertyValueSpecification\",\"valueRequired\":true,\"valueName\":\"search_term_string\"}}],\"inLanguage\":\"fr-FR\"},{\"@type\":\"Organization\",\"@id\":\"https:\/\/cstournesol.fr\/#organization\",\"name\":\"Association Tournesol\",\"url\":\"https:\/\/cstournesol.fr\/\",\"logo\":{\"@type\":\"ImageObject\",\"inLanguage\":\"fr-FR\",\"@id\":\"https:\/\/cstournesol.fr\/#\/schema\/logo\/image\/\",\"url\":\"https:\/\/cstournesol.fr\/wp-content\/uploads\/2023\/08\/LOGO-AssocTournesol2017RVB-Couleur-03.jpg\",\"contentUrl\":\"https:\/\/cstournesol.fr\/wp-content\/uploads\/2023\/08\/LOGO-AssocTournesol2017RVB-Couleur-03.jpg\",\"width\":426,\"height\":341,\"caption\":\"Association Tournesol\"},\"image\":{\"@id\":\"https:\/\/cstournesol.fr\/#\/schema\/logo\/image\/\"},\"sameAs\":[\"https:\/\/www.facebook.com\/csduburck\"]}]}<\/script>\n<!-- \/ Yoast SEO plugin. -->","yoast_head_json":{"title":"Animations de Quartier - Association Tournesol","robots":{"index":"index","follow":"follow","max-snippet":"max-snippet:-1","max-image-preview":"max-image-preview:large","max-video-preview":"max-video-preview:-1"},"canonical":"https:\/\/cstournesol.fr\/index.php\/animations-de-quartier\/","og_locale":"fr_FR","og_type":"article","og_title":"Animations de Quartier - Association Tournesol","og_description":"ANIMATIONS DE QUARTIER EV\u00c8NEMENTSLE CARNAVALChaque ann\u00e9e une nouvelle th\u00e9matique pour ambiancer les rues du quartier. Animation co-construite avec les partenaires du quartier. TOURNESOL EN TERRASSE ET PLACES TOURNESOLApr\u00e8s-midi et soir\u00e9es organis\u00e9s devant le ch\u00e2teau, sur le chemin de traverse ou en pieds d\u2019immeuble, les animations rythment l\u2019\u00e9t\u00e9 au Burck. De nombreuses activit\u00e9s sont propos\u00e9es pour&hellip;&nbsp;Lire la suite &raquo;Animations de Quartier","og_url":"https:\/\/cstournesol.fr\/index.php\/animations-de-quartier\/","og_site_name":"Association Tournesol","article_publisher":"https:\/\/www.facebook.com\/csduburck","article_modified_time":"2023-09-15T08:41:36+00:00","og_image":[{"url":"https:\/\/cstournesol.fr\/wp-content\/uploads\/2023\/08\/anim_quartier.png"}],"twitter_card":"summary_large_image","twitter_misc":{"Dur\u00e9e de lecture estim\u00e9e":"2 minutes"},"schema":{"@context":"https:\/\/schema.org","@graph":[{"@type":"WebPage","@id":"https:\/\/cstournesol.fr\/index.php\/animations-de-quartier\/","url":"https:\/\/cstournesol.fr\/index.php\/animations-de-quartier\/","name":"Animations de Quartier - Association Tournesol","isPartOf":{"@id":"https:\/\/cstournesol.fr\/#website"},"primaryImageOfPage":{"@id":"https:\/\/cstournesol.fr\/index.php\/animations-de-quartier\/#primaryimage"},"image":{"@id":"https:\/\/cstournesol.fr\/index.php\/animations-de-quartier\/#primaryimage"},"thumbnailUrl":"https:\/\/cstournesol.fr\/wp-content\/uploads\/2023\/08\/anim_quartier.png","datePublished":"2023-08-01T16:22:23+00:00","dateModified":"2023-09-15T08:41:36+00:00","breadcrumb":{"@id":"https:\/\/cstournesol.fr\/index.php\/animations-de-quartier\/#breadcrumb"},"inLanguage":"fr-FR","potentialAction":[{"@type":"ReadAction","target":["https:\/\/cstournesol.fr\/index.php\/animations-de-quartier\/"]}]},{"@type":"ImageObject","inLanguage":"fr-FR","@id":"https:\/\/cstournesol.fr\/index.php\/animations-de-quartier\/#primaryimage","url":"https:\/\/cstournesol.fr\/wp-content\/uploads\/2023\/08\/anim_quartier.png","contentUrl":"https:\/\/cstournesol.fr\/wp-content\/uploads\/2023\/08\/anim_quartier.png","width":601,"height":602},{"@type":"BreadcrumbList","@id":"https:\/\/cstournesol.fr\/index.php\/animations-de-quartier\/#breadcrumb","itemListElement":[{"@type":"ListItem","position":1,"name":"Accueil","item":"https:\/\/cstournesol.fr\/"},{"@type":"ListItem","position":2,"name":"Animations de Quartier"}]},{"@type":"WebSite","@id":"https:\/\/cstournesol.fr\/#website","url":"https:\/\/cstournesol.fr\/","name":"Association Tournesol","description":"","publisher":{"@id":"https:\/\/cstournesol.fr\/#organization"},"potentialAction":[{"@type":"SearchAction","target":{"@type":"EntryPoint","urlTemplate":"https:\/\/cstournesol.fr\/?s={search_term_string}"},"query-input":{"@type":"PropertyValueSpecification","valueRequired":true,"valueName":"search_term_string"}}],"inLanguage":"fr-FR"},{"@type":"Organization","@id":"https:\/\/cstournesol.fr\/#organization","name":"Association Tournesol","url":"https:\/\/cstournesol.fr\/","logo":{"@type":"ImageObject","inLanguage":"fr-FR","@id":"https:\/\/cstournesol.fr\/#\/schema\/logo\/image\/","url":"https:\/\/cstournesol.fr\/wp-content\/uploads\/2023\/08\/LOGO-AssocTournesol2017RVB-Couleur-03.jpg","contentUrl":"https:\/\/cstournesol.fr\/wp-content\/uploads\/2023\/08\/LOGO-AssocTournesol2017RVB-Couleur-03.jpg","width":426,"height":341,"caption":"Association Tournesol"},"image":{"@id":"https:\/\/cstournesol.fr\/#\/schema\/logo\/image\/"},"sameAs":["https:\/\/www.facebook.com\/csduburck"]}]}},"_links":{"self":[{"href":"https:\/\/cstournesol.fr\/index.php\/wp-json\/wp\/v2\/pages\/17","targetHints":{"allow":["GET"]}}],"collection":[{"href":"https:\/\/cstournesol.fr\/index.php\/wp-json\/wp\/v2\/pages"}],"about":[{"href":"https:\/\/cstournesol.fr\/index.php\/wp-json\/wp\/v2\/types\/page"}],"author":[{"embeddable":true,"href":"https:\/\/cstournesol.fr\/index.php\/wp-json\/wp\/v2\/users\/1"}],"replies":[{"embeddable":true,"href":"https:\/\/cstournesol.fr\/index.php\/wp-json\/wp\/v2\/comments?post=17"}],"version-history":[{"count":22,"href":"https:\/\/cstournesol.fr\/index.php\/wp-json\/wp\/v2\/pages\/17\/revisions"}],"predecessor-version":[{"id":1217,"href":"https:\/\/cstournesol.fr\/index.php\/wp-json\/wp\/v2\/pages\/17\/revisions\/1217"}],"wp:attachment":[{"href":"https:\/\/cstournesol.fr\/index.php\/wp-json\/wp\/v2\/media?parent=17"}],"curies":[{"name":"wp","href":"https:\/\/api.w.org\/{rel}","templated":true}]}}