{"id":27,"date":"2023-08-01T18:38:06","date_gmt":"2023-08-01T16:38:06","guid":{"rendered":"https:\/\/cstournesol.fr\/?page_id=27"},"modified":"2025-06-11T11:24:07","modified_gmt":"2025-06-11T09:24:07","slug":"envie-de-nous-rejoindre","status":"publish","type":"page","link":"https:\/\/cstournesol.fr\/index.php\/envie-de-nous-rejoindre\/","title":{"rendered":"Envie de nous rejoindre?"},"content":{"rendered":"<h2>ENVIE DE NOUS REJOINDRE ?<\/h2>\n<p><img fetchpriority=\"high\" decoding=\"async\" src=\"https:\/\/cstournesol.fr\/wp-content\/uploads\/2024\/09\/CLAS-25-724x1024.png\" sizes=\"(max-width: 724px) 100vw, 724px\" srcset=\"https:\/\/cstournesol.fr\/wp-content\/uploads\/2024\/09\/CLAS-25-724x1024.png 724w, https:\/\/cstournesol.fr\/wp-content\/uploads\/2024\/09\/CLAS-25-212x300.png 212w, https:\/\/cstournesol.fr\/wp-content\/uploads\/2024\/09\/CLAS-25-768x1086.png 768w, https:\/\/cstournesol.fr\/wp-content\/uploads\/2024\/09\/CLAS-25-1086x1536.png 1086w, https:\/\/cstournesol.fr\/wp-content\/uploads\/2024\/09\/CLAS-25-17x24.png 17w, https:\/\/cstournesol.fr\/wp-content\/uploads\/2024\/09\/CLAS-25-25x36.png 25w, https:\/\/cstournesol.fr\/wp-content\/uploads\/2024\/09\/CLAS-25-34x48.png 34w, https:\/\/cstournesol.fr\/wp-content\/uploads\/2024\/09\/CLAS-25.png 1414w\" alt=\"\" width=\"724\" height=\"1024\" \/><\/p>\n<p><strong>LE B\u00c9N\u00c9VOLAT<\/strong><br \/>\nOccasionnel ou r\u00e9gulier, le b\u00e9n\u00e9volat est essentiel au bon fonctionnement de notre association.<br \/>\nSa gouvernance ainsi que de nombreuses activit\u00e9s ne pourraient pas fonctionner sans l\u2019engagement des b\u00e9n\u00e9voles.<br \/>\nSi vous aussi vous avez du temps \u00e0 offrir, vous pouvez rejoindre une ou plusieurs de ces \u00e9quipes :<br \/>\nGroupe Fran\u00e7ais Langue Etrang\u00e8re<br \/>\nGroupe CLAS (accompagnement \u00e0 la scolarit\u00e9)<br \/>\nGroupe culture<br \/>\nGroupe logistique<br \/>\nEt peut-\u00eatre avez-vous d\u2019autres id\u00e9es, d\u2019autres comp\u00e9tences ?<br \/>\nSi on les partageait ensemble ?<\/p>\n<p><img decoding=\"async\" src=\"https:\/\/cstournesol.fr\/wp-content\/uploads\/2023\/08\/pik_nic.png\" sizes=\"(max-width: 644px) 100vw, 644px\" srcset=\"https:\/\/cstournesol.fr\/wp-content\/uploads\/2023\/08\/pik_nic.png 644w, https:\/\/cstournesol.fr\/wp-content\/uploads\/2023\/08\/pik_nic-286x300.png 286w\" alt=\"\" width=\"644\" height=\"676\" \/><\/p>\n","protected":false},"excerpt":{"rendered":"<p>ENVIE DE NOUS REJOINDRE ? LE B\u00c9N\u00c9VOLAT Occasionnel ou r\u00e9gulier, le b\u00e9n\u00e9volat est essentiel au bon fonctionnement de notre association. Sa gouvernance ainsi que de nombreuses activit\u00e9s ne pourraient pas fonctionner sans l\u2019engagement des b\u00e9n\u00e9voles. Si vous aussi vous avez du temps \u00e0 offrir, vous pouvez rejoindre une ou plusieurs de ces \u00e9quipes : Groupe&hellip;&nbsp;<a href=\"https:\/\/cstournesol.fr\/index.php\/envie-de-nous-rejoindre\/\" class=\"\" rel=\"bookmark\">Lire la suite &raquo;<span class=\"screen-reader-text\">Envie de nous rejoindre?<\/span><\/a><\/p>\n","protected":false},"author":1,"featured_media":0,"parent":0,"menu_order":0,"comment_status":"closed","ping_status":"closed","template":"page-templates\/template-pagebuilder-full-width.php","meta":{"neve_meta_sidebar":"","neve_meta_container":"","neve_meta_enable_content_width":"","neve_meta_content_width":0,"neve_meta_title_alignment":"","neve_meta_author_avatar":"","neve_post_elements_order":"","neve_meta_disable_header":"","neve_meta_disable_footer":"","neve_meta_disable_title":"","footnotes":""},"class_list":["post-27","page","type-page","status-publish","hentry"],"yoast_head":"<!-- This site is optimized with the Yoast SEO plugin v23.4 - https:\/\/yoast.com\/wordpress\/plugins\/seo\/ -->\n<title>Envie de nous rejoindre? - Association Tournesol<\/title>\n<meta name=\"robots\" content=\"index, follow, max-snippet:-1, max-image-preview:large, max-video-preview:-1\" \/>\n<link rel=\"canonical\" href=\"https:\/\/cstournesol.fr\/index.php\/envie-de-nous-rejoindre\/\" \/>\n<meta property=\"og:locale\" content=\"fr_FR\" \/>\n<meta property=\"og:type\" content=\"article\" \/>\n<meta property=\"og:title\" content=\"Envie de nous rejoindre? - Association Tournesol\" \/>\n<meta property=\"og:description\" content=\"ENVIE DE NOUS REJOINDRE ? LE B\u00c9N\u00c9VOLAT Occasionnel ou r\u00e9gulier, le b\u00e9n\u00e9volat est essentiel au bon fonctionnement de notre association. Sa gouvernance ainsi que de nombreuses activit\u00e9s ne pourraient pas fonctionner sans l\u2019engagement des b\u00e9n\u00e9voles. Si vous aussi vous avez du temps \u00e0 offrir, vous pouvez rejoindre une ou plusieurs de ces \u00e9quipes : Groupe&hellip;&nbsp;Lire la suite &raquo;Envie de nous rejoindre?\" \/>\n<meta property=\"og:url\" content=\"https:\/\/cstournesol.fr\/index.php\/envie-de-nous-rejoindre\/\" \/>\n<meta property=\"og:site_name\" content=\"Association Tournesol\" \/>\n<meta property=\"article:publisher\" content=\"https:\/\/www.facebook.com\/csduburck\" \/>\n<meta property=\"article:modified_time\" content=\"2025-06-11T09:24:07+00:00\" \/>\n<meta property=\"og:image\" content=\"https:\/\/cstournesol.fr\/wp-content\/uploads\/2024\/09\/CLAS-25-724x1024.png\" \/>\n<meta name=\"twitter:card\" content=\"summary_large_image\" \/>\n<meta name=\"twitter:label1\" content=\"Dur\u00e9e de lecture estim\u00e9e\" \/>\n\t<meta name=\"twitter:data1\" content=\"1 minute\" \/>\n<script type=\"application\/ld+json\" class=\"yoast-schema-graph\">{\"@context\":\"https:\/\/schema.org\",\"@graph\":[{\"@type\":\"WebPage\",\"@id\":\"https:\/\/cstournesol.fr\/index.php\/envie-de-nous-rejoindre\/\",\"url\":\"https:\/\/cstournesol.fr\/index.php\/envie-de-nous-rejoindre\/\",\"name\":\"Envie de nous rejoindre? - Association Tournesol\",\"isPartOf\":{\"@id\":\"https:\/\/cstournesol.fr\/#website\"},\"primaryImageOfPage\":{\"@id\":\"https:\/\/cstournesol.fr\/index.php\/envie-de-nous-rejoindre\/#primaryimage\"},\"image\":{\"@id\":\"https:\/\/cstournesol.fr\/index.php\/envie-de-nous-rejoindre\/#primaryimage\"},\"thumbnailUrl\":\"https:\/\/cstournesol.fr\/wp-content\/uploads\/2024\/09\/CLAS-25-724x1024.png\",\"datePublished\":\"2023-08-01T16:38:06+00:00\",\"dateModified\":\"2025-06-11T09:24:07+00:00\",\"breadcrumb\":{\"@id\":\"https:\/\/cstournesol.fr\/index.php\/envie-de-nous-rejoindre\/#breadcrumb\"},\"inLanguage\":\"fr-FR\",\"potentialAction\":[{\"@type\":\"ReadAction\",\"target\":[\"https:\/\/cstournesol.fr\/index.php\/envie-de-nous-rejoindre\/\"]}]},{\"@type\":\"ImageObject\",\"inLanguage\":\"fr-FR\",\"@id\":\"https:\/\/cstournesol.fr\/index.php\/envie-de-nous-rejoindre\/#primaryimage\",\"url\":\"https:\/\/cstournesol.fr\/wp-content\/uploads\/2024\/09\/CLAS-25.png\",\"contentUrl\":\"https:\/\/cstournesol.fr\/wp-content\/uploads\/2024\/09\/CLAS-25.png\",\"width\":1414,\"height\":2000},{\"@type\":\"BreadcrumbList\",\"@id\":\"https:\/\/cstournesol.fr\/index.php\/envie-de-nous-rejoindre\/#breadcrumb\",\"itemListElement\":[{\"@type\":\"ListItem\",\"position\":1,\"name\":\"Accueil\",\"item\":\"https:\/\/cstournesol.fr\/\"},{\"@type\":\"ListItem\",\"position\":2,\"name\":\"Envie de nous rejoindre?\"}]},{\"@type\":\"WebSite\",\"@id\":\"https:\/\/cstournesol.fr\/#website\",\"url\":\"https:\/\/cstournesol.fr\/\",\"name\":\"Association Tournesol\",\"description\":\"\",\"publisher\":{\"@id\":\"https:\/\/cstournesol.fr\/#organization\"},\"potentialAction\":[{\"@type\":\"SearchAction\",\"target\":{\"@type\":\"EntryPoint\",\"urlTemplate\":\"https:\/\/cstournesol.fr\/?s={search_term_string}\"},\"query-input\":{\"@type\":\"PropertyValueSpecification\",\"valueRequired\":true,\"valueName\":\"search_term_string\"}}],\"inLanguage\":\"fr-FR\"},{\"@type\":\"Organization\",\"@id\":\"https:\/\/cstournesol.fr\/#organization\",\"name\":\"Association Tournesol\",\"url\":\"https:\/\/cstournesol.fr\/\",\"logo\":{\"@type\":\"ImageObject\",\"inLanguage\":\"fr-FR\",\"@id\":\"https:\/\/cstournesol.fr\/#\/schema\/logo\/image\/\",\"url\":\"https:\/\/cstournesol.fr\/wp-content\/uploads\/2023\/08\/LOGO-AssocTournesol2017RVB-Couleur-03.jpg\",\"contentUrl\":\"https:\/\/cstournesol.fr\/wp-content\/uploads\/2023\/08\/LOGO-AssocTournesol2017RVB-Couleur-03.jpg\",\"width\":426,\"height\":341,\"caption\":\"Association Tournesol\"},\"image\":{\"@id\":\"https:\/\/cstournesol.fr\/#\/schema\/logo\/image\/\"},\"sameAs\":[\"https:\/\/www.facebook.com\/csduburck\"]}]}<\/script>\n<!-- \/ Yoast SEO plugin. -->","yoast_head_json":{"title":"Envie de nous rejoindre? - Association Tournesol","robots":{"index":"index","follow":"follow","max-snippet":"max-snippet:-1","max-image-preview":"max-image-preview:large","max-video-preview":"max-video-preview:-1"},"canonical":"https:\/\/cstournesol.fr\/index.php\/envie-de-nous-rejoindre\/","og_locale":"fr_FR","og_type":"article","og_title":"Envie de nous rejoindre? - Association Tournesol","og_description":"ENVIE DE NOUS REJOINDRE ? LE B\u00c9N\u00c9VOLAT Occasionnel ou r\u00e9gulier, le b\u00e9n\u00e9volat est essentiel au bon fonctionnement de notre association. Sa gouvernance ainsi que de nombreuses activit\u00e9s ne pourraient pas fonctionner sans l\u2019engagement des b\u00e9n\u00e9voles. Si vous aussi vous avez du temps \u00e0 offrir, vous pouvez rejoindre une ou plusieurs de ces \u00e9quipes : Groupe&hellip;&nbsp;Lire la suite &raquo;Envie de nous rejoindre?","og_url":"https:\/\/cstournesol.fr\/index.php\/envie-de-nous-rejoindre\/","og_site_name":"Association Tournesol","article_publisher":"https:\/\/www.facebook.com\/csduburck","article_modified_time":"2025-06-11T09:24:07+00:00","og_image":[{"url":"https:\/\/cstournesol.fr\/wp-content\/uploads\/2024\/09\/CLAS-25-724x1024.png"}],"twitter_card":"summary_large_image","twitter_misc":{"Dur\u00e9e de lecture estim\u00e9e":"1 minute"},"schema":{"@context":"https:\/\/schema.org","@graph":[{"@type":"WebPage","@id":"https:\/\/cstournesol.fr\/index.php\/envie-de-nous-rejoindre\/","url":"https:\/\/cstournesol.fr\/index.php\/envie-de-nous-rejoindre\/","name":"Envie de nous rejoindre? - Association Tournesol","isPartOf":{"@id":"https:\/\/cstournesol.fr\/#website"},"primaryImageOfPage":{"@id":"https:\/\/cstournesol.fr\/index.php\/envie-de-nous-rejoindre\/#primaryimage"},"image":{"@id":"https:\/\/cstournesol.fr\/index.php\/envie-de-nous-rejoindre\/#primaryimage"},"thumbnailUrl":"https:\/\/cstournesol.fr\/wp-content\/uploads\/2024\/09\/CLAS-25-724x1024.png","datePublished":"2023-08-01T16:38:06+00:00","dateModified":"2025-06-11T09:24:07+00:00","breadcrumb":{"@id":"https:\/\/cstournesol.fr\/index.php\/envie-de-nous-rejoindre\/#breadcrumb"},"inLanguage":"fr-FR","potentialAction":[{"@type":"ReadAction","target":["https:\/\/cstournesol.fr\/index.php\/envie-de-nous-rejoindre\/"]}]},{"@type":"ImageObject","inLanguage":"fr-FR","@id":"https:\/\/cstournesol.fr\/index.php\/envie-de-nous-rejoindre\/#primaryimage","url":"https:\/\/cstournesol.fr\/wp-content\/uploads\/2024\/09\/CLAS-25.png","contentUrl":"https:\/\/cstournesol.fr\/wp-content\/uploads\/2024\/09\/CLAS-25.png","width":1414,"height":2000},{"@type":"BreadcrumbList","@id":"https:\/\/cstournesol.fr\/index.php\/envie-de-nous-rejoindre\/#breadcrumb","itemListElement":[{"@type":"ListItem","position":1,"name":"Accueil","item":"https:\/\/cstournesol.fr\/"},{"@type":"ListItem","position":2,"name":"Envie de nous rejoindre?"}]},{"@type":"WebSite","@id":"https:\/\/cstournesol.fr\/#website","url":"https:\/\/cstournesol.fr\/","name":"Association Tournesol","description":"","publisher":{"@id":"https:\/\/cstournesol.fr\/#organization"},"potentialAction":[{"@type":"SearchAction","target":{"@type":"EntryPoint","urlTemplate":"https:\/\/cstournesol.fr\/?s={search_term_string}"},"query-input":{"@type":"PropertyValueSpecification","valueRequired":true,"valueName":"search_term_string"}}],"inLanguage":"fr-FR"},{"@type":"Organization","@id":"https:\/\/cstournesol.fr\/#organization","name":"Association Tournesol","url":"https:\/\/cstournesol.fr\/","logo":{"@type":"ImageObject","inLanguage":"fr-FR","@id":"https:\/\/cstournesol.fr\/#\/schema\/logo\/image\/","url":"https:\/\/cstournesol.fr\/wp-content\/uploads\/2023\/08\/LOGO-AssocTournesol2017RVB-Couleur-03.jpg","contentUrl":"https:\/\/cstournesol.fr\/wp-content\/uploads\/2023\/08\/LOGO-AssocTournesol2017RVB-Couleur-03.jpg","width":426,"height":341,"caption":"Association Tournesol"},"image":{"@id":"https:\/\/cstournesol.fr\/#\/schema\/logo\/image\/"},"sameAs":["https:\/\/www.facebook.com\/csduburck"]}]}},"_links":{"self":[{"href":"https:\/\/cstournesol.fr\/index.php\/wp-json\/wp\/v2\/pages\/27","targetHints":{"allow":["GET"]}}],"collection":[{"href":"https:\/\/cstournesol.fr\/index.php\/wp-json\/wp\/v2\/pages"}],"about":[{"href":"https:\/\/cstournesol.fr\/index.php\/wp-json\/wp\/v2\/types\/page"}],"author":[{"embeddable":true,"href":"https:\/\/cstournesol.fr\/index.php\/wp-json\/wp\/v2\/users\/1"}],"replies":[{"embeddable":true,"href":"https:\/\/cstournesol.fr\/index.php\/wp-json\/wp\/v2\/comments?post=27"}],"version-history":[{"count":12,"href":"https:\/\/cstournesol.fr\/index.php\/wp-json\/wp\/v2\/pages\/27\/revisions"}],"predecessor-version":[{"id":1404,"href":"https:\/\/cstournesol.fr\/index.php\/wp-json\/wp\/v2\/pages\/27\/revisions\/1404"}],"wp:attachment":[{"href":"https:\/\/cstournesol.fr\/index.php\/wp-json\/wp\/v2\/media?parent=27"}],"curies":[{"name":"wp","href":"https:\/\/api.w.org\/{rel}","templated":true}]}}